{"id":21618,"date":"2025-11-10T18:27:30","date_gmt":"2025-11-10T18:27:30","guid":{"rendered":"https:\/\/solfmdigital.com\/lagrupera\/?page_id=21618"},"modified":"2026-03-02T20:26:05","modified_gmt":"2026-03-02T20:26:05","slug":"conocenos-mas","status":"publish","type":"page","link":"https:\/\/solfmdigital.com\/pasionfm\/conocenos-mas\/","title":{"rendered":"Con\u00f3cenos m\u00e1s"},"content":{"rendered":"\t\t<div data-elementor-type=\"wp-page\" data-elementor-id=\"21618\" class=\"elementor elementor-21618\">\n\t\t\t\t\t\t<section class=\"elementor-section elementor-top-section elementor-element elementor-element-5cdf5ce elementor-section-boxed elementor-section-height-default elementor-section-height-default sc_fly_static\" data-id=\"5cdf5ce\" data-element_type=\"section\">\n\t\t\t\t\t\t<div class=\"elementor-container elementor-column-gap-extended\">\n\t\t\t\t\t<div class=\"elementor-column elementor-col-100 elementor-top-column elementor-element elementor-element-1f7c1b8 sc_content_align_inherit sc_layouts_column_icons_position_left sc_fly_static\" data-id=\"1f7c1b8\" data-element_type=\"column\">\n\t\t\t<div class=\"elementor-widget-wrap elementor-element-populated\">\n\t\t\t\t\t\t<div class=\"elementor-element elementor-element-42e5f85 sc_fly_static elementor-widget elementor-widget-heading\" data-id=\"42e5f85\" data-element_type=\"widget\" data-widget_type=\"heading.default\">\n\t\t\t\t<div class=\"elementor-widget-container\">\n\t\t\t\t\t<h1 class=\"elementor-heading-title elementor-size-default\">Qui\u00e9nes Somos \u2013 PASI\u00d3N FM 104.3<\/h1>\t\t\t\t<\/div>\n\t\t\t\t<\/div>\n\t\t\t\t<div class=\"elementor-element elementor-element-7a7b70c sc_fly_static elementor-widget elementor-widget-text-editor\" data-id=\"7a7b70c\" data-element_type=\"widget\" data-widget_type=\"text-editor.default\">\n\t\t\t\t<div class=\"elementor-widget-container\">\n\t\t\t\t\t\t\t\t\t<p><strong data-start=\"90\" data-end=\"112\">Pasi\u00f3n FM 104.3 FM<\/strong> es la estaci\u00f3n que conecta con el pulso social, cultural y cotidiano de Puebla. Bajo el concepto <em data-start=\"210\" data-end=\"229\">\u201cPasi\u00f3n x Puebla\u201d<\/em>, se posiciona como una frecuencia din\u00e1mica, participativa y profundamente local, donde la ciudad no solo se escucha\u2026 se vive.<\/p>\t\t\t\t\t\t\t\t<\/div>\n\t\t\t\t<\/div>\n\t\t\t\t<div class=\"elementor-element elementor-element-4ae44ce sc_fly_static elementor-widget elementor-widget-heading\" data-id=\"4ae44ce\" data-element_type=\"widget\" data-widget_type=\"heading.default\">\n\t\t\t\t<div class=\"elementor-widget-container\">\n\t\t\t\t\t<h3 class=\"elementor-heading-title elementor-size-default\">\ud83c\udf99 Una estaci\u00f3n con identidad poblana<\/h3>\t\t\t\t<\/div>\n\t\t\t\t<\/div>\n\t\t\t\t<div class=\"elementor-element elementor-element-54af825 sc_fly_static elementor-widget elementor-widget-text-editor\" data-id=\"54af825\" data-element_type=\"widget\" data-widget_type=\"text-editor.default\">\n\t\t\t\t<div class=\"elementor-widget-container\">\n\t\t\t\t\t\t\t\t\t<p data-start=\"400\" data-end=\"460\">La programaci\u00f3n de Pasi\u00f3n FM equilibra tres grandes pilares:<\/p><ul data-start=\"462\" data-end=\"1120\"><li data-start=\"462\" data-end=\"692\"><p data-start=\"464\" data-end=\"692\">\ud83c\udf05 <strong data-start=\"467\" data-end=\"507\">Entretenimiento matutino interactivo<\/strong><br data-start=\"507\" data-end=\"510\" \/>Con <em data-start=\"516\" data-end=\"541\">La Chalupa Morning Show<\/em>, la audiencia es protagonista desde temprano. M\u00fasica elegida por los radioescuchas, informaci\u00f3n vial, clima y actualidad con un tono fresco y cercano.<\/p><\/li><li data-start=\"694\" data-end=\"919\"><p data-start=\"696\" data-end=\"919\">\ud83d\udc8e <strong data-start=\"699\" data-end=\"740\">Cobertura social y eventos exclusivos<\/strong><br data-start=\"740\" data-end=\"743\" \/><em data-start=\"745\" data-end=\"777\">El Ajonjol\u00ed de todos los moles<\/em> lleva al aire los detalles de galas, conciertos, presentaciones y eventos destacados de la agenda poblana, con narrativa elegante y contexto.<\/p><\/li><li data-start=\"921\" data-end=\"1120\"><p data-start=\"923\" data-end=\"1120\">\ud83c\udfad <strong data-start=\"926\" data-end=\"980\">Agenda cultural y recomendaciones de fin de semana<\/strong><br data-start=\"980\" data-end=\"983\" \/><em data-start=\"985\" data-end=\"1004\">Chulada de Puebla<\/em> impulsa el talento local y gu\u00eda a la audiencia entre teatro, conciertos, exposiciones y experiencias gastron\u00f3micas.<\/p><\/li><\/ul>\t\t\t\t\t\t\t\t<\/div>\n\t\t\t\t<\/div>\n\t\t\t\t<div class=\"elementor-element elementor-element-15ae3a0 sc_fly_static elementor-widget elementor-widget-heading\" data-id=\"15ae3a0\" data-element_type=\"widget\" data-widget_type=\"heading.default\">\n\t\t\t\t<div class=\"elementor-widget-container\">\n\t\t\t\t\t<h3 class=\"elementor-heading-title elementor-size-default\">\ud83d\udd25 \u00bfQu\u00e9 define a Pasi\u00f3n FM?<\/h3>\t\t\t\t<\/div>\n\t\t\t\t<\/div>\n\t\t\t\t<div class=\"elementor-element elementor-element-eacb950 sc_fly_static elementor-widget elementor-widget-text-editor\" data-id=\"eacb950\" data-element_type=\"widget\" data-widget_type=\"text-editor.default\">\n\t\t\t\t<div class=\"elementor-widget-container\">\n\t\t\t\t\t\t\t\t\t<p><strong data-start=\"1159\" data-end=\"1195\">\u2714 Cercan\u00eda real con su audiencia<\/strong> \u2013 No es solo transmisi\u00f3n, es interacci\u00f3n constante.<br data-start=\"1247\" data-end=\"1250\" \/><strong data-start=\"1250\" data-end=\"1274\">\u2714 Enfoque 100% local<\/strong> \u2013 Puebla es el centro de la conversaci\u00f3n.<br data-start=\"1316\" data-end=\"1319\" \/><strong data-start=\"1319\" data-end=\"1364\">\u2714 Mezcla de informaci\u00f3n y entretenimiento<\/strong> \u2013 Actualidad sin perder frescura.<br data-start=\"1398\" data-end=\"1401\" \/><strong data-start=\"1401\" data-end=\"1446\">\u2714 Presencia en eventos clave de la ciudad<\/strong> \u2013 La estaci\u00f3n est\u00e1 donde pasan las cosas.<\/p>\t\t\t\t\t\t\t\t<\/div>\n\t\t\t\t<\/div>\n\t\t\t\t<div class=\"elementor-element elementor-element-00d24ae sc_fly_static elementor-widget elementor-widget-heading\" data-id=\"00d24ae\" data-element_type=\"widget\" data-widget_type=\"heading.default\">\n\t\t\t\t<div class=\"elementor-widget-container\">\n\t\t\t\t\t<h3 class=\"elementor-heading-title elementor-size-default\">\ud83c\udfa7 Personalidad de la estaci\u00f3n<\/h3>\t\t\t\t<\/div>\n\t\t\t\t<\/div>\n\t\t\t\t<div class=\"elementor-element elementor-element-ebf0179 sc_fly_static elementor-widget elementor-widget-text-editor\" data-id=\"ebf0179\" data-element_type=\"widget\" data-widget_type=\"text-editor.default\">\n\t\t\t\t<div class=\"elementor-widget-container\">\n\t\t\t\t\t\t\t\t\t<p data-start=\"1532\" data-end=\"1551\">Pasi\u00f3n FM 104.3 es:<\/p><ul data-start=\"1553\" data-end=\"1698\"><li data-start=\"1553\" data-end=\"1578\"><p data-start=\"1555\" data-end=\"1578\">Moderna pero elegante<\/p><\/li><li data-start=\"1579\" data-end=\"1609\"><p data-start=\"1581\" data-end=\"1609\">Informativa sin ser pesada<\/p><\/li><li data-start=\"1610\" data-end=\"1640\"><p data-start=\"1612\" data-end=\"1640\">Social sin ser superficial<\/p><\/li><li data-start=\"1641\" data-end=\"1670\"><p data-start=\"1643\" data-end=\"1670\">Cultural sin ser elitista<\/p><\/li><li data-start=\"1671\" data-end=\"1698\"><p data-start=\"1673\" data-end=\"1698\">Participativa y cercana<\/p><\/li><\/ul><p data-start=\"1700\" data-end=\"1879\">Es la estaci\u00f3n ideal para quienes quieren estar enterados de lo que sucede en Puebla, planear su fin de semana, sentirse parte de la ciudad y comenzar el d\u00eda con energ\u00eda positiva.<\/p>\t\t\t\t\t\t\t\t<\/div>\n\t\t\t\t<\/div>\n\t\t\t\t\t<\/div>\n\t\t<\/div>\n\t\t\t\t\t<\/div>\n\t\t<\/section>\n\t\t\t\t<section class=\"elementor-section elementor-top-section elementor-element elementor-element-69d5214 elementor-section-boxed elementor-section-height-default elementor-section-height-default sc_fly_static\" data-id=\"69d5214\" data-element_type=\"section\">\n\t\t\t\t\t\t<div class=\"elementor-container elementor-column-gap-extended\">\n\t\t\t\t\t<div class=\"elementor-column elementor-col-100 elementor-top-column elementor-element elementor-element-ff89a28 sc_content_align_inherit sc_layouts_column_icons_position_left sc_fly_static\" data-id=\"ff89a28\" data-element_type=\"column\">\n\t\t\t<div class=\"elementor-widget-wrap elementor-element-populated\">\n\t\t\t\t\t\t<div class=\"elementor-element elementor-element-77b2c26 sc_fly_static elementor-widget elementor-widget-image\" data-id=\"77b2c26\" data-element_type=\"widget\" data-widget_type=\"image.default\">\n\t\t\t\t<div class=\"elementor-widget-container\">\n\t\t\t\t\t\t\t\t\t\t\t\t\t\t\t<img fetchpriority=\"high\" decoding=\"async\" width=\"1024\" height=\"1024\" src=\"https:\/\/solfmdigital.com\/pasionfm\/wp-content\/uploads\/2026\/03\/Post-Locutores-2026-1024x1024.png\" class=\"attachment-large size-large wp-image-22097\" alt=\"\" srcset=\"https:\/\/solfmdigital.com\/pasionfm\/wp-content\/uploads\/2026\/03\/Post-Locutores-2026-1024x1024.png 1024w, https:\/\/solfmdigital.com\/pasionfm\/wp-content\/uploads\/2026\/03\/Post-Locutores-2026-300x300.png 300w, https:\/\/solfmdigital.com\/pasionfm\/wp-content\/uploads\/2026\/03\/Post-Locutores-2026-150x150.png 150w, https:\/\/solfmdigital.com\/pasionfm\/wp-content\/uploads\/2026\/03\/Post-Locutores-2026-768x768.png 768w, https:\/\/solfmdigital.com\/pasionfm\/wp-content\/uploads\/2026\/03\/Post-Locutores-2026-370x370.png 370w, https:\/\/solfmdigital.com\/pasionfm\/wp-content\/uploads\/2026\/03\/Post-Locutores-2026-120x120.png 120w, https:\/\/solfmdigital.com\/pasionfm\/wp-content\/uploads\/2026\/03\/Post-Locutores-2026-840x840.png 840w, https:\/\/solfmdigital.com\/pasionfm\/wp-content\/uploads\/2026\/03\/Post-Locutores-2026-410x410.png 410w, https:\/\/solfmdigital.com\/pasionfm\/wp-content\/uploads\/2026\/03\/Post-Locutores-2026.png 1080w\" sizes=\"(max-width: 1024px) 100vw, 1024px\" \/>\t\t\t\t\t\t\t\t\t\t\t\t\t\t\t<\/div>\n\t\t\t\t<\/div>\n\t\t\t\t\t<\/div>\n\t\t<\/div>\n\t\t\t\t\t<\/div>\n\t\t<\/section>\n\t\t\t\t<\/div>\n\t\t","protected":false},"excerpt":{"rendered":"<p>Qui\u00e9nes Somos \u2013 PASI\u00d3N FM 104.3 Pasi\u00f3n FM 104.3 FM es la estaci\u00f3n que conecta con el pulso social, cultural y cotidiano de Puebla. Bajo el concepto \u201cPasi\u00f3n x Puebla\u201d,&hellip;<\/p>\n","protected":false},"author":1,"featured_media":0,"parent":0,"menu_order":0,"comment_status":"closed","ping_status":"closed","template":"","meta":{"footnotes":""},"class_list":["post-21618","page","type-page","status-publish","hentry"],"_links":{"self":[{"href":"https:\/\/solfmdigital.com\/pasionfm\/wp-json\/wp\/v2\/pages\/21618","targetHints":{"allow":["GET"]}}],"collection":[{"href":"https:\/\/solfmdigital.com\/pasionfm\/wp-json\/wp\/v2\/pages"}],"about":[{"href":"https:\/\/solfmdigital.com\/pasionfm\/wp-json\/wp\/v2\/types\/page"}],"author":[{"embeddable":true,"href":"https:\/\/solfmdigital.com\/pasionfm\/wp-json\/wp\/v2\/users\/1"}],"replies":[{"embeddable":true,"href":"https:\/\/solfmdigital.com\/pasionfm\/wp-json\/wp\/v2\/comments?post=21618"}],"version-history":[{"count":25,"href":"https:\/\/solfmdigital.com\/pasionfm\/wp-json\/wp\/v2\/pages\/21618\/revisions"}],"predecessor-version":[{"id":22116,"href":"https:\/\/solfmdigital.com\/pasionfm\/wp-json\/wp\/v2\/pages\/21618\/revisions\/22116"}],"wp:attachment":[{"href":"https:\/\/solfmdigital.com\/pasionfm\/wp-json\/wp\/v2\/media?parent=21618"}],"curies":[{"name":"wp","href":"https:\/\/api.w.org\/{rel}","templated":true}]}}